{"id":110019,"date":"2022-11-03T20:30:56","date_gmt":"2022-11-03T20:30:56","guid":{"rendered":"https:\/\/www.corporaciondoxa.com\/?page_id=110019"},"modified":"2022-11-12T04:20:59","modified_gmt":"2022-11-12T04:20:59","slug":"como-lo-hacemos","status":"publish","type":"page","link":"https:\/\/www.corporaciondoxa.com\/?page_id=110019","title":{"rendered":"C\u00f3mo lo hacemos"},"content":{"rendered":"<p>[et_pb_section fb_built=&#8221;1&#8243; fullwidth=&#8221;on&#8221; _builder_version=&#8221;4.17.6&#8243; _module_preset=&#8221;default&#8221; hover_enabled=&#8221;0&#8243; global_colors_info=&#8221;{}&#8221; module_alignment=&#8221;center&#8221; module_alignment_last_edited=&#8221;on|phone&#8221; sticky_enabled=&#8221;0&#8243; module_alignment_phone=&#8221;&#8221; locked=&#8221;off&#8221; background_color=&#8221;#eaeaea&#8221; hover_transition_duration=&#8221;50ms&#8221; hover_transition_delay=&#8221;50ms&#8221; hover_transition_speed_curve=&#8221;linear&#8221; module_alignment_tablet=&#8221;center&#8221;][et_pb_fullwidth_header title=&#8221;Como lo hacemos&#8221; subhead=&#8221;Corporaci\u00f3n doxa&#8221; header_scroll_down=&#8221;on&#8221; scroll_down_icon=&#8221;%%9%%&#8221; scroll_down_icon_size=&#8221;44px&#8221; _builder_version=&#8221;4.17.6&#8243; _module_preset=&#8221;default&#8221; title_font=&#8221;|700|||||||&#8221; title_text_align=&#8221;center&#8221; title_font_size=&#8221;47px&#8221; content_font=&#8221;|700|||||||&#8221; content_font_size=&#8221;1px&#8221; subhead_font=&#8221;||||||||&#8221; subhead_text_align=&#8221;center&#8221; subhead_font_size=&#8221;21px&#8221; background_image=&#8221;https:\/\/www.corporaciondoxa.com\/wp-content\/uploads\/2022\/11\/WhatsApp-Image-2022-10-13-at-11.18.57-AM-2.jpeg&#8221; background_position=&#8221;top_center&#8221; background_vertical_offset=&#8221;49%&#8221; width=&#8221;100%&#8221; height=&#8221;329px&#8221; custom_margin=&#8221;||9px||false|false&#8221; custom_padding=&#8221;99px||0px||false|false&#8221; custom_padding_tablet=&#8221;99px||0px||false|false&#8221; custom_padding_phone=&#8221;87px|||0px|false|false&#8221; custom_padding_last_edited=&#8221;on|phone&#8221; scroll_horizontal_motion_enable=&#8221;off&#8221; scroll_horizontal_motion=&#8221;0|50|50|100|4|0|-4&#8243; hover_enabled=&#8221;0&#8243; title_text_shadow_style=&#8221;preset5&#8243; title_text_shadow_horizontal_length=&#8221;0.07em&#8221; title_text_shadow_vertical_length=&#8221;0.05em&#8221; text_shadow_style=&#8221;preset2&#8243; text_shadow_horizontal_length=&#8221;0.29em&#8221; text_shadow_vertical_length=&#8221;-0.09em&#8221; text_shadow_blur_strength=&#8221;0em&#8221; global_colors_info=&#8221;{}&#8221; sticky_enabled=&#8221;0&#8243; title_text=&#8221;WhatsApp Image 2022-10-13 at 11.18.57 AM (2)&#8221; module_alignment=&#8221;center&#8221; module_alignment_last_edited=&#8221;on|phone&#8221; module_alignment_phone=&#8221;&#8221; subhead_text_shadow_style=&#8221;preset5&#8243; subhead_text_shadow_horizontal_length=&#8221;0.09em&#8221; subhead_text_shadow_vertical_length=&#8221;0.03em&#8221; subhead_text_shadow_color=&#8221;rgba(0,0,0,0.91)&#8221; background_color=&#8221;RGBA(255,255,255,0)&#8221; background_overlay_color=&#8221;rgba(58,58,58,0.18)&#8221; module_alignment_tablet=&#8221;center&#8221;][\/et_pb_fullwidth_header][\/et_pb_section][et_pb_section fb_built=&#8221;1&#8243; _builder_version=&#8221;4.17.6&#8243; _module_preset=&#8221;default&#8221; background_color=&#8221;#47187D&#8221; custom_margin=&#8221;-9px||||false|false&#8221; custom_padding=&#8221;28px||25px||false|false&#8221; hover_enabled=&#8221;0&#8243; global_colors_info=&#8221;{}&#8221; sticky_enabled=&#8221;0&#8243;][et_pb_row _builder_version=&#8221;4.17.6&#8243; _module_preset=&#8221;default&#8221; global_colors_info=&#8221;{}&#8221;][et_pb_column type=&#8221;4_4&#8243; _builder_version=&#8221;4.17.6&#8243; _module_preset=&#8221;default&#8221; global_colors_info=&#8221;{}&#8221;][et_pb_text _builder_version=&#8221;4.17.6&#8243; _module_preset=&#8221;default&#8221; text_text_color=&#8221;#ffffff&#8221; text_font_size=&#8221;16px&#8221; hover_enabled=&#8221;0&#8243; global_colors_info=&#8221;{}&#8221; sticky_enabled=&#8221;0&#8243; custom_padding=&#8221;0px||0px||false|false&#8221; custom_padding_last_edited=&#8221;on|desktop&#8221; custom_padding_tablet=&#8221;0px||0px||false|false&#8221; custom_padding_phone=&#8221;0px||0px||false|false&#8221;]<\/p>\n<p style=\"text-align: justify;\"><span style=\"font-weight: 400;\">Mediante el desarrollo de grandes alianzas con entidades p\u00fablicas y privadas de orden nacional o internacional con las que buscamos construir soluciones innovadoras e impulsamos el desarrollo social, mejorando la calidad de vida de nuestros beneficiarios, familia y comunidad.<\/span><\/p>\n<p>[\/et_pb_text][\/et_pb_column][\/et_pb_row][\/et_pb_section][et_pb_section fb_built=&#8221;1&#8243; _builder_version=&#8221;4.17.6&#8243; _module_preset=&#8221;default&#8221; custom_padding=&#8221;0px||0px|||&#8221; global_colors_info=&#8221;{}&#8221;][\/et_pb_section][et_pb_section fb_built=&#8221;1&#8243; _builder_version=&#8221;4.17.6&#8243; _module_preset=&#8221;default&#8221; custom_padding=&#8221;1px||1px|||&#8221; global_colors_info=&#8221;{}&#8221;][et_pb_row column_structure=&#8221;1_3,1_3,1_3&#8243; _builder_version=&#8221;4.17.6&#8243; _module_preset=&#8221;default&#8221; global_colors_info=&#8221;{}&#8221;][et_pb_column type=&#8221;1_3&#8243; _builder_version=&#8221;4.17.6&#8243; _module_preset=&#8221;default&#8221; global_colors_info=&#8221;{}&#8221;][et_pb_tabs active_tab_background_color=&#8221;RGBA(255,255,255,0)&#8221; _builder_version=&#8221;4.17.6&#8243; _module_preset=&#8221;default&#8221; background_color=&#8221;RGBA(255,255,255,0)&#8221; hover_enabled=&#8221;0&#8243; box_shadow_style=&#8221;preset2&#8243; global_colors_info=&#8221;{}&#8221; animation_style=&#8221;slide&#8221; animation_direction=&#8221;bottom&#8221; animation_intensity_slide=&#8221;5%&#8221; sticky_enabled=&#8221;0&#8243;][et_pb_tab title=&#8221;CONTRATO COMPA\u00d1\u00cdA M.A.G. BUSINESS AND SERVICE&#8221; _builder_version=&#8221;4.17.6&#8243; _module_preset=&#8221;default&#8221; global_colors_info=&#8221;{}&#8221;]<\/p>\n<p><strong>A\u00d1O 2015<\/strong><\/p>\n<ul>\n<li style=\"text-align: justify;\">Desarrollo de actividades de formaci\u00f3n y orientaci\u00f3n encaminada a la optimizaci\u00f3n del tiempo en el desarrollo de actividades propias de los trabajadores de la compa\u00f1\u00eda, as\u00ed como tambi\u00e9n la realizaci\u00f3n de cursos b\u00e1sicos en el manejo de herramientas tecnol\u00f3gicas (Word, Excel, internet).<\/li>\n<li style=\"text-align: justify;\">Desarrollo de actividades recreo deportivas a nivel competitivo entre los trabajadores de la compa\u00f1\u00eda, as\u00ed como deporte extremo en sitios especializados para tal fin.<\/li>\n<\/ul>\n<p style=\"text-align: justify;\"><strong>Duraci\u00f3n 12 meses<\/strong><\/p>\n<p>[\/et_pb_tab][\/et_pb_tabs][\/et_pb_column][et_pb_column type=&#8221;1_3&#8243; _builder_version=&#8221;4.17.6&#8243; _module_preset=&#8221;default&#8221; global_colors_info=&#8221;{}&#8221;][et_pb_tabs _builder_version=&#8221;4.17.6&#8243; _module_preset=&#8221;default&#8221; hover_enabled=&#8221;0&#8243; global_colors_info=&#8221;{}&#8221; box_shadow_style=&#8221;preset2&#8243; sticky_enabled=&#8221;0&#8243; animation_style=&#8221;slide&#8221; animation_direction=&#8221;bottom&#8221; animation_intensity_slide=&#8221;5%&#8221; animation_speed_curve=&#8221;linear&#8221;][et_pb_tab title=&#8221;CONTRATO DE COFINANCIACI\u00d3N CD 067 \u2013 12, PROYECTO \u00abECO EMPRESARIAL\u00bb. BANC\u00d3LDEX S.A. \u2013 CORPORACI\u00d3N DOXA. CON EL APOYO ESTATAL OTORGADO POR EL FONDO DE MODERNIZACI\u00d3N E INNOVACI\u00d3N INNPULSA \u2013 MIPYME.&#8221; _builder_version=&#8221;4.17.6&#8243; _module_preset=&#8221;default&#8221; hover_enabled=&#8221;0&#8243; global_colors_info=&#8221;{}&#8221; sticky_enabled=&#8221;0&#8243;]<\/p>\n<p style=\"text-align: justify;\">Brindar servicio de desarrollo empresarial a trav\u00e9s de capacitaci\u00f3n, asistencia t\u00e9cnica , educaci\u00f3n financiera, formalizaci\u00f3n empresarial y acompa\u00f1amiento psicosocial, dirigido a 30 unidades productivas del sector de las confecciones y sus familias, v\u00edctimas de la violencia en condici\u00f3n de desplazamiento forzoso, ubicadas en Bogot\u00e1.<\/p>\n<p>[\/et_pb_tab][\/et_pb_tabs][\/et_pb_column][et_pb_column type=&#8221;1_3&#8243; _builder_version=&#8221;4.17.6&#8243; _module_preset=&#8221;default&#8221; global_colors_info=&#8221;{}&#8221;][et_pb_tabs _builder_version=&#8221;4.17.6&#8243; _module_preset=&#8221;default&#8221; hover_enabled=&#8221;0&#8243; global_colors_info=&#8221;{}&#8221; box_shadow_style=&#8221;preset2&#8243; sticky_enabled=&#8221;0&#8243; animation_style=&#8221;slide&#8221; animation_direction=&#8221;bottom&#8221; animation_intensity_slide=&#8221;5%&#8221; animation_speed_curve=&#8221;ease&#8221;][et_pb_tab title=&#8221;CONVENIO 014 SUSCRITO ENTRE LA UNIDAD ESPECIAL DE SERVICIOS P\u00daBLICOS \u2013 UAESP Y LA CORPORACI\u00d3N DOXA. PROYECTO \u201cABRO CAMINOS\u201d&#8221; _builder_version=&#8221;4.17.6&#8243; _module_preset=&#8221;default&#8221; global_colors_info=&#8221;{}&#8221;]<\/p>\n<p style=\"text-align: justify;\">Impulsar acciones conjuntas que conlleven a la desvinculaci\u00f3n del trabajo infantil de ni\u00f1as, ni\u00f1os y adolescentes (NNA) hijos de recicladores de oficio de las localidades de Chapinero y Teusaquillo, generando acciones afirmativas en beneficio de la poblaci\u00f3n recicladora en condici\u00f3n de pobreza y vulnerabilidad en Bogot\u00e1 D.C. Se atendieron 250 NNA.<\/p>\n<p>[\/et_pb_tab][\/et_pb_tabs][\/et_pb_column][\/et_pb_row][\/et_pb_section][et_pb_section fb_built=&#8221;1&#8243; _builder_version=&#8221;4.17.6&#8243; _module_preset=&#8221;default&#8221; global_colors_info=&#8221;{}&#8221;][et_pb_row column_structure=&#8221;1_3,1_3,1_3&#8243; _builder_version=&#8221;4.17.6&#8243; _module_preset=&#8221;default&#8221; global_colors_info=&#8221;{}&#8221;][et_pb_column type=&#8221;1_3&#8243; _builder_version=&#8221;4.17.6&#8243; _module_preset=&#8221;default&#8221; global_colors_info=&#8221;{}&#8221;][et_pb_tabs active_tab_background_color=&#8221;RGBA(255,255,255,0)&#8221; _builder_version=&#8221;4.17.6&#8243; _module_preset=&#8221;default&#8221; background_color=&#8221;RGBA(255,255,255,0)&#8221; hover_enabled=&#8221;0&#8243; box_shadow_style=&#8221;preset2&#8243; global_colors_info=&#8221;{}&#8221; animation_style=&#8221;slide&#8221; animation_direction=&#8221;bottom&#8221; animation_intensity_slide=&#8221;5%&#8221; animation_speed_curve=&#8221;ease-out&#8221; sticky_enabled=&#8221;0&#8243;][et_pb_tab title=&#8221;CONVENIO OPERATIVO 001 SUSCRITO ENTRE EL CENTRO INTEGRAL DE REHABILITACI\u00d3N DE COLOMBIA \u2013 CIREC Y LA CORPORACI\u00d3N DOXA. PROYECTO \u201cSIEMBRA ESPERANZA EN TU PA\u00cdS\u201d. &#8221; _builder_version=&#8221;4.17.6&#8243; _module_preset=&#8221;default&#8221; global_colors_info=&#8221;{}&#8221;]<\/p>\n<p><strong>A\u00d1O 2011 &#8211; 2010<\/strong><\/p>\n<p style=\"text-align: justify;\">EXXON MOBIL \u2013 FUNDACION MI SANGRE \u2013 CIREC. En Convenio Operativo con CIREC, identificar, formar en actividades productivas y generar proyectos productivos con enfoque de g\u00e9nero, a 150 mujeres cabezas de familias, v\u00edctimas de Minas antipersona (MAP), Municiones sin explotar (MUSE) o Artefactos explosivos improvisados (AEI), en los Departamentos de Antioquia, Nari\u00f1o y Meta.<\/p>\n<p style=\"text-align: center;\"><strong>Duraci\u00f3n 16 meses<\/strong><\/p>\n<p>[\/et_pb_tab][\/et_pb_tabs][\/et_pb_column][et_pb_column type=&#8221;1_3&#8243; _builder_version=&#8221;4.17.6&#8243; _module_preset=&#8221;default&#8221; global_colors_info=&#8221;{}&#8221;][et_pb_tabs active_tab_background_color=&#8221;RGBA(255,255,255,0)&#8221; _builder_version=&#8221;4.17.6&#8243; _module_preset=&#8221;default&#8221; background_color=&#8221;RGBA(255,255,255,0)&#8221; hover_enabled=&#8221;0&#8243; box_shadow_style=&#8221;preset2&#8243; global_colors_info=&#8221;{}&#8221; animation_style=&#8221;slide&#8221; animation_direction=&#8221;bottom&#8221; animation_intensity_slide=&#8221;5%&#8221; sticky_enabled=&#8221;0&#8243;][et_pb_tab title=&#8221;CONVENIO ASOCIATIVO INTER INSTITUCIONAL SUSCRITO ENTRE EL CENTRO INTEGRAL DE REHABILITACI\u00d3N DE COLOMBIA \u2013 CIREC Y LA CORPORACI\u00d3N DOXA. PROYECTO \u201cSEMILLAS DE ESPERANZA&#8221; _builder_version=&#8221;4.17.6&#8243; _module_preset=&#8221;default&#8221; global_colors_info=&#8221;{}&#8221;]<\/p>\n<p style=\"text-align: justify;\"><strong>A\u00d1O 2010 &#8211; 2009<\/strong><\/p>\n<p style=\"text-align: justify;\">Apoyo al programa institucional de CIREC &#8211; \u201cSEMILLAS DE ESPERANZA\u201d, dirigido a poblaci\u00f3n en condici\u00f3n de discapacidad, mediante el desarrollo de programas y proyectos orientados a la generaci\u00f3n de ingresos, en los temas de creaci\u00f3n, fortalecimiento y seguimiento de las unidades productivas, en los departamentos de Bol\u00edvar, Cauca Cundinamarca, Meta, Nari\u00f1o, Santander y Sucre. En total se atendieron 40 unidades productivas y 7 asociaciones.<\/p>\n<p style=\"text-align: center;\"><strong>Duraci\u00f3n 12 meses<\/strong><\/p>\n<p>[\/et_pb_tab][\/et_pb_tabs][\/et_pb_column][et_pb_column type=&#8221;1_3&#8243; _builder_version=&#8221;4.17.6&#8243; _module_preset=&#8221;default&#8221; global_colors_info=&#8221;{}&#8221;][et_pb_tabs active_tab_background_color=&#8221;RGBA(255,255,255,0)&#8221; _builder_version=&#8221;4.17.6&#8243; _module_preset=&#8221;default&#8221; background_color=&#8221;RGBA(255,255,255,0)&#8221; hover_enabled=&#8221;0&#8243; box_shadow_style=&#8221;preset2&#8243; global_colors_info=&#8221;{}&#8221; animation_style=&#8221;slide&#8221; animation_direction=&#8221;bottom&#8221; animation_intensity_slide=&#8221;5%&#8221; animation_speed_curve=&#8221;ease-in&#8221; sticky_enabled=&#8221;0&#8243;][et_pb_tab title=&#8221;CONVENIO DE ASOCIACI\u00d3N INTERINSTITUCIONAL SUSCRITO ENTRE LA CORPORACI\u00d3N TANAI JAWA Y LA CORPORACI\u00d3N DOXA&#8221; _builder_version=&#8221;4.17.6&#8243; _module_preset=&#8221;default&#8221; global_colors_info=&#8221;{}&#8221;]<\/p>\n<p><strong>A\u00d1O 2009 &#8211; 2008<\/strong><\/p>\n<p style=\"text-align: justify;\">Apoyo a la creaci\u00f3n y fortalecimiento de unidades productivas y estructuraci\u00f3n de redes empresariales con poblaci\u00f3n vulnerable en los Centros de desarrollo Comunitario de Usaqu\u00e9n y Lourdes, atenci\u00f3n a poblaci\u00f3n LGBTI en situaci\u00f3n de calle, desarrollo de programas en comedores comunitarios y poblaci\u00f3n con proyecci\u00f3n empresarial del sector agropecuario.<\/p>\n<p style=\"text-align: center;\"><strong>Duraci\u00f3n 12 meses<\/strong><\/p>\n<p>[\/et_pb_tab][\/et_pb_tabs][\/et_pb_column][\/et_pb_row][\/et_pb_section][et_pb_section fb_built=&#8221;1&#8243; _builder_version=&#8221;4.17.6&#8243; _module_preset=&#8221;default&#8221; background_color=&#8221;RGBA(255,255,255,0)&#8221; hover_enabled=&#8221;0&#8243; global_colors_info=&#8221;{}&#8221; background_enable_mask_style=&#8221;on&#8221; background_mask_style=&#8221;honeycomb&#8221; background_mask_color=&#8221;#efefef&#8221; background_mask_size=&#8221;cover&#8221; sticky_enabled=&#8221;0&#8243;][et_pb_row column_structure=&#8221;1_2,1_2&#8243; _builder_version=&#8221;4.17.6&#8243; _module_preset=&#8221;default&#8221; hover_enabled=&#8221;0&#8243; global_colors_info=&#8221;{}&#8221; sticky_enabled=&#8221;0&#8243;][et_pb_column type=&#8221;1_2&#8243; _builder_version=&#8221;4.17.6&#8243; _module_preset=&#8221;default&#8221; hover_enabled=&#8221;0&#8243; global_colors_info=&#8221;{}&#8221; sticky_enabled=&#8221;0&#8243;][et_pb_tabs active_tab_background_color=&#8221;RGBA(255,255,255,0)&#8221; _builder_version=&#8221;4.17.6&#8243; _module_preset=&#8221;default&#8221; background_color=&#8221;RGBA(255,255,255,0)&#8221; hover_enabled=&#8221;0&#8243; box_shadow_style=&#8221;preset2&#8243; global_colors_info=&#8221;{}&#8221; body_text_color=&#8221;#545454&#8243; sticky_enabled=&#8221;0&#8243; active_tab_text_color=&#8221;#545454&#8243; animation_style=&#8221;slide&#8221; animation_direction=&#8221;bottom&#8221; animation_intensity_slide=&#8221;5%&#8221; animation_speed_curve=&#8221;linear&#8221;][et_pb_tab title=&#8221;ALIANZA ESTRAT\u00c9GICA INTERINSTITUCIONAL SUSCRITA ENTRE GESTORES INTEGRALES DE REDES EMPRESARIALES \u2013 GIRE Y LA CORPORACI\u00d3N DOXA.&#8221; _builder_version=&#8221;4.17.6&#8243; _module_preset=&#8221;default&#8221; body_text_color=&#8221;#ffffff&#8221; global_colors_info=&#8221;{}&#8221;]<\/p>\n<p><strong>A\u00d1O 2009 &#8211; 2008<\/strong><\/p>\n<p style=\"text-align: justify;\">Apoyo estrat\u00e9gico para el fortalecimiento de unidades productivas y la estructuraci\u00f3n de redes empresariales en los procesos adelantados por GIRE.<\/p>\n<p>[\/et_pb_tab][\/et_pb_tabs][\/et_pb_column][et_pb_column type=&#8221;1_2&#8243; _builder_version=&#8221;4.17.6&#8243; _module_preset=&#8221;default&#8221; global_colors_info=&#8221;{}&#8221;][et_pb_tabs active_tab_background_color=&#8221;RGBA(255,255,255,0)&#8221; _builder_version=&#8221;4.17.6&#8243; _module_preset=&#8221;default&#8221; body_text_color=&#8221;#545454&#8243; background_color=&#8221;RGBA(255,255,255,0)&#8221; hover_enabled=&#8221;0&#8243; box_shadow_style=&#8221;preset2&#8243; global_colors_info=&#8221;{}&#8221; sticky_enabled=&#8221;0&#8243; inactive_tab_background_color=&#8221;#ffffff&#8221; animation_style=&#8221;slide&#8221; animation_direction=&#8221;bottom&#8221; animation_intensity_slide=&#8221;5%&#8221; animation_speed_curve=&#8221;ease&#8221;][et_pb_tab title=&#8221;CONTRATO FUNDACI\u00d3N CLINICA MEGA SALUD (2022)&#8221; _builder_version=&#8221;4.17.6&#8243; _module_preset=&#8221;default&#8221; global_colors_info=&#8221;{}&#8221;]<\/p>\n<p><strong>A\u00d1O 2021 &#8211; 2022<\/strong><\/p>\n<ul>\n<li style=\"font-weight: 400; text-align: justify;\" aria-level=\"1\"><span style=\"font-weight: 400;\">Aunar esfuerzos para la prestaci\u00f3n de servicios sociales de atenci\u00f3n a personas con discapacidad que habiten en la ciudad de Bogot\u00e1 D.C, implementando acciones para el desarrollo y mantenimiento de sus habilidades y capacidades, favoreciendo mayores niveles de autonom\u00eda y promoviendo su inclusi\u00f3n.<\/span><\/li>\n<li style=\"font-weight: 400; text-align: justify;\" aria-level=\"1\"><span style=\"font-weight: 400;\">Brindar atenci\u00f3n integral a personas de nacionalidad venezolana, mediante el proyecto gestando vidas cosechando un futuro, que busca el fortalecimiento en pr\u00e1cticas seguras materno perinatales.<\/span><\/li>\n<li style=\"font-weight: 400; text-align: justify;\" aria-level=\"1\"><span style=\"font-weight: 400;\">Brindar atenci\u00f3n integral interdisciplinaria a personas mayores, a trav\u00e9s de la prestaci\u00f3n de servicios sociales, comprometidos con el envejecimiento activo y feliz para una Bogot\u00e1 cuidadora e influyente.<\/span><\/li>\n<\/ul>\n<p style=\"text-align: center;\"><strong>Duraci\u00f3n 24 meses<\/strong><\/p>\n<p>[\/et_pb_tab][\/et_pb_tabs][\/et_pb_column][\/et_pb_row][\/et_pb_section]<\/p>\n","protected":false},"excerpt":{"rendered":"<p>Mediante el desarrollo de grandes alianzas con entidades p\u00fablicas y privadas de orden nacional o internacional con las que buscamos construir soluciones innovadoras e impulsamos el desarrollo social, mejorando la calidad de vida de nuestros beneficiarios, familia y comunidad.A\u00d1O 2015 Desarrollo de actividades de formaci\u00f3n y orientaci\u00f3n encaminada a la optimizaci\u00f3n del tiempo en el [&hellip;]<\/p>\n","protected":false},"author":1,"featured_media":0,"parent":0,"menu_order":0,"comment_status":"closed","ping_status":"closed","template":"","meta":{"_et_pb_use_builder":"on","_et_pb_old_content":"","_et_gb_content_width":"","footnotes":""},"class_list":["post-110019","page","type-page","status-publish","hentry"],"_links":{"self":[{"href":"https:\/\/www.corporaciondoxa.com\/index.php?rest_route=\/wp\/v2\/pages\/110019","targetHints":{"allow":["GET"]}}],"collection":[{"href":"https:\/\/www.corporaciondoxa.com\/index.php?rest_route=\/wp\/v2\/pages"}],"about":[{"href":"https:\/\/www.corporaciondoxa.com\/index.php?rest_route=\/wp\/v2\/types\/page"}],"author":[{"embeddable":true,"href":"https:\/\/www.corporaciondoxa.com\/index.php?rest_route=\/wp\/v2\/users\/1"}],"replies":[{"embeddable":true,"href":"https:\/\/www.corporaciondoxa.com\/index.php?rest_route=%2Fwp%2Fv2%2Fcomments&post=110019"}],"version-history":[{"count":20,"href":"https:\/\/www.corporaciondoxa.com\/index.php?rest_route=\/wp\/v2\/pages\/110019\/revisions"}],"predecessor-version":[{"id":110200,"href":"https:\/\/www.corporaciondoxa.com\/index.php?rest_route=\/wp\/v2\/pages\/110019\/revisions\/110200"}],"wp:attachment":[{"href":"https:\/\/www.corporaciondoxa.com\/index.php?rest_route=%2Fwp%2Fv2%2Fmedia&parent=110019"}],"curies":[{"name":"wp","href":"https:\/\/api.w.org\/{rel}","templated":true}]}}